{"id":9460869,"date":"2024-05-29T17:13:32","date_gmt":"2024-05-29T17:13:32","guid":{"rendered":"https:\/\/tpohotelariaecasa.pt\/index.php\/product\/frigorifico-saladette-de-pizzas-137-cm-3-portas-adapta-se-8-x-gn-1-6-incl-tampa-em-aco-inoxidavel\/"},"modified":"2025-04-03T09:09:59","modified_gmt":"2025-04-03T09:09:59","slug":"frigorifico-saladette-de-pizzas-137-cm-3-portas-adapta-se-8-x-gn-1-6-incl-tampa-em-aco-inoxidavel","status":"publish","type":"product","link":"https:\/\/tpohotelariaecasa.pt\/index.php\/product\/frigorifico-saladette-de-pizzas-137-cm-3-portas-adapta-se-8-x-gn-1-6-incl-tampa-em-aco-inoxidavel\/","title":{"rendered":"Frigorifico Saladette de Pizzas &#8211; 137 cm &#8211; 3 Portas &#8211; Adapta-se 8 x GN 1\/6 &#8211; incl. Tampa em A\u00e7o Inoxid\u00e1vel"},"content":{"rendered":"<p><strong>Caracter\u00edsticas<\/strong><\/p>\n<ul>\n<li>Com espa\u00e7o de trabalho em granito na parte superior<\/li>\n<li>Controlo digital da temperatura (Dixell)<\/li>\n<li>Caixa em a\u00e7o inoxid\u00e1vel (AISI 304)<\/li>\n<li>Inclui prateleiras ajust\u00e1veis (uma por porta)<\/li>\n<li>Ciclo de arrefecimento para reduzir a forma\u00e7\u00e3o de gelo<\/li>\n<li>Isolamento protetor compacto de 3,5cm<\/li>\n<\/ul>\n<p><strong>Especifica\u00e7\u00f5es do produto<\/strong><\/p>\n<ul>\n<li>Peso l\u00edquido: 166 kg<\/li>\n<li>Dimens\u00f5es internas: L129,5 x P59,5 x A50cm<\/li>\n<li>Dimens\u00f5es externas: L136,5 x P70 x A10cm<\/li>\n<li>Capacidade: 400L com espa\u00e7o para 8 contentores 1\/6 GN (altura m\u00e1x. 100mm)<\/li>\n<li>230V \/ 50Hz \/ 1 Fase 230W<\/li>\n<\/ul>\n","protected":false},"excerpt":{"rendered":"<p>Com este frigor\u00edfico de prepara\u00e7\u00e3o de pizzas de design elegante, com tr\u00eas portas e uma bancada em granito, pode preparar as pizzas mais saborosas com as coberturas mais frescas, sempre que precisar delas. Todos os seus ingredientes frescos podem agora estar facilmente acess\u00edveis num dos oito recipientes de 1\/6 GN, e a sec\u00e7\u00e3o refrigerada em baixo proporciona ainda mais espa\u00e7o de armazenamento. consulte Mais informa\u00e7\u00e3o<\/p>\n","protected":false},"featured_media":9460868,"comment_status":"open","ping_status":"closed","template":"","meta":[],"product_cat":[138,80],"product_tag":[],"class_list":["post-9460869","product","type-product","status-publish","has-post-thumbnail","hentry","product_cat-frio-industrial","product_cat-saladete","product_shipping_class-gph"],"_links":{"self":[{"href":"https:\/\/tpohotelariaecasa.pt\/index.php\/wp-json\/wp\/v2\/product\/9460869"}],"collection":[{"href":"https:\/\/tpohotelariaecasa.pt\/index.php\/wp-json\/wp\/v2\/product"}],"about":[{"href":"https:\/\/tpohotelariaecasa.pt\/index.php\/wp-json\/wp\/v2\/types\/product"}],"replies":[{"embeddable":true,"href":"https:\/\/tpohotelariaecasa.pt\/index.php\/wp-json\/wp\/v2\/comments?post=9460869"}],"wp:featuredmedia":[{"embeddable":true,"href":"https:\/\/tpohotelariaecasa.pt\/index.php\/wp-json\/wp\/v2\/media\/9460868"}],"wp:attachment":[{"href":"https:\/\/tpohotelariaecasa.pt\/index.php\/wp-json\/wp\/v2\/media?parent=9460869"}],"wp:term":[{"taxonomy":"product_cat","embeddable":true,"href":"https:\/\/tpohotelariaecasa.pt\/index.php\/wp-json\/wp\/v2\/product_cat?post=9460869"},{"taxonomy":"product_tag","embeddable":true,"href":"https:\/\/tpohotelariaecasa.pt\/index.php\/wp-json\/wp\/v2\/product_tag?post=9460869"}],"curies":[{"name":"wp","href":"https:\/\/api.w.org\/{rel}","templated":true}]}}